{"id":245427,"date":"2022-01-14T14:44:37","date_gmt":"2022-01-14T11:44:37","guid":{"rendered":"https:\/\/sakipsabancimuzesi.org\/shop\/?post_type=product&#038;p=245427"},"modified":"2026-04-30T14:50:41","modified_gmt":"2026-04-30T11:50:41","slug":"sanatcinin-portresi-frida-kahlo","status":"publish","type":"product","link":"https:\/\/sakipsabancimuzesi.org\/shop\/urun\/yayin-ve-multimedya\/cocuk-kitaplari\/sanatcinin-portresi-frida-kahlo\/","title":{"rendered":"Sanat\u00e7\u0131n\u0131n Portresi &#8211; Frida Kahlo"},"content":{"rendered":"<p>Sanat\u00e7\u0131n\u0131n Portresi: Frida Kahlo<br \/>\nFrida Kahlo, ya\u015fam\u0131 da resimleri kadar parlak ve renkli olan Meksikal\u0131 sanat\u00e7\u0131yd\u0131. Ya\u015fam\u0131 boyunca pek \u00e7ok hastal\u0131kla sava\u015ft\u0131 ama resim yapmay\u0131 hi\u00e7 b\u0131rakmad\u0131. Yetene\u011fiyle t\u00fcm d\u00fcnyada \u00fcn kazand\u0131. Frida\u2019n\u0131n ya\u015fam\u0131nda ne zaman iyi ya da k\u00f6t\u00fc bir olay olsa o, bunu resme d\u00f6n\u00fc\u015ft\u00fcrmenin bir yolunu buldu. T\u00fcm zamanlar\u0131n en tan\u0131nm\u0131\u015f Meksikal\u0131 ressam\u0131n\u0131n \u00f6yk\u00fcs\u00fcnden sen de ilham al. \u00dcstelik bu \u00f6yk\u00fc, Frida\u2019n\u0131n resimleriyle seni b\u00fcy\u00fcl\u00fc bir yolculu\u011fa da \u00e7\u0131karacak.<\/p>\n<p>Bu sanat \u00f6yk\u00fcs\u00fcn\u00fc okurken Frida Kahlo\u2019nun 10 tablosuna daha yak\u0131ndan bakabilirsin. \u00dcstelik kitab\u0131n arkas\u0131nda tablolar hakk\u0131nda daha fazla bilgi bulabilirsin!<\/p>\n<p>(Tan\u0131t\u0131m B\u00fclteninden)<\/p>\n","protected":false},"excerpt":{"rendered":"<p>Sanat\u00e7\u0131n\u0131n Portresi: Frida Kahlo Frida Kahlo, ya\u015fam\u0131 da resimleri kadar parlak ve renkli olan Meksikal\u0131 sanat\u00e7\u0131yd\u0131. Ya\u015fam\u0131 boyunca pek \u00e7ok hastal\u0131kla sava\u015ft\u0131 ama resim yapmay\u0131 hi\u00e7 b\u0131rakmad\u0131. Yetene\u011fiyle t\u00fcm d\u00fcnyada \u00fcn kazand\u0131. Frida\u2019n\u0131n ya\u015fam\u0131nda ne zaman iyi ya da k\u00f6t\u00fc bir olay olsa o, bunu resme d\u00f6n\u00fc\u015ft\u00fcrmenin bir yolunu buldu. T\u00fcm zamanlar\u0131n en tan\u0131nm\u0131\u015f Meksikal\u0131 [&#8230;]\n","protected":false},"featured_media":245428,"template":"","meta":{"_exactmetrics_skip_tracking":false,"_exactmetrics_sitenote_active":false,"_exactmetrics_sitenote_note":"","_exactmetrics_sitenote_category":0},"product_brand":[],"product_cat":[628,662,665,760],"product_tag":[],"woo-feed-brand":[],"class_list":{"0":"post-245427","1":"product","2":"type-product","3":"status-publish","4":"has-post-thumbnail","6":"product_cat-cocuk-ve-oyun","7":"product_cat-yayin-ve-multimedya","8":"product_cat-cocuk-kitaplari","9":"product_cat-cocuk-kitaplari-cocuk-ve-oyun","11":"first","12":"instock","13":"taxable","14":"shipping-taxable","15":"purchasable","16":"product-type-simple"},"yoast_head":"<!-- This site is optimized with the Yoast SEO plugin v27.1.1 - https:\/\/yoast.com\/product\/yoast-seo-wordpress\/ -->\n<title>Sanat\u00e7\u0131n\u0131n Portresi - Frida Kahlo - SSM Shop<\/title>\n<meta name=\"robots\" content=\"index, follow, max-snippet:-1, max-image-preview:large, max-video-preview:-1\" \/>\n<link rel=\"canonical\" href=\"https:\/\/sakipsabancimuzesi.org\/shop\/urun\/yayin-ve-multimedya\/cocuk-kitaplari\/sanatcinin-portresi-frida-kahlo\/\" \/>\n<meta property=\"og:locale\" content=\"tr_TR\" \/>\n<meta property=\"og:type\" content=\"article\" \/>\n<meta property=\"og:title\" content=\"Sanat\u00e7\u0131n\u0131n Portresi - Frida Kahlo - SSM Shop\" \/>\n<meta property=\"og:description\" content=\"Sanat\u00e7\u0131n\u0131n Portresi: Frida Kahlo Frida Kahlo, ya\u015fam\u0131 da resimleri kadar parlak ve renkli olan Meksikal\u0131 sanat\u00e7\u0131yd\u0131. Ya\u015fam\u0131 boyunca pek \u00e7ok hastal\u0131kla sava\u015ft\u0131 ama resim yapmay\u0131 hi\u00e7 b\u0131rakmad\u0131. Yetene\u011fiyle t\u00fcm d\u00fcnyada \u00fcn kazand\u0131. Frida\u2019n\u0131n ya\u015fam\u0131nda ne zaman iyi ya da k\u00f6t\u00fc bir olay olsa o, bunu resme d\u00f6n\u00fc\u015ft\u00fcrmenin bir yolunu buldu. T\u00fcm zamanlar\u0131n en tan\u0131nm\u0131\u015f Meksikal\u0131 [...]\" \/>\n<meta property=\"og:url\" content=\"https:\/\/sakipsabancimuzesi.org\/shop\/urun\/yayin-ve-multimedya\/cocuk-kitaplari\/sanatcinin-portresi-frida-kahlo\/\" \/>\n<meta property=\"og:site_name\" content=\"SSM Shop\" \/>\n<meta property=\"article:publisher\" content=\"https:\/\/www.facebook.com\/SakipSabanciMuzesi\/\" \/>\n<meta property=\"article:modified_time\" content=\"2026-04-30T11:50:41+00:00\" \/>\n<meta property=\"og:image\" content=\"https:\/\/sakipsabancimuzesi.org\/shop\/wp-content\/uploads\/2022\/01\/frida-kahlo.jpg\" \/>\n\t<meta property=\"og:image:width\" content=\"1280\" \/>\n\t<meta property=\"og:image:height\" content=\"1600\" \/>\n\t<meta property=\"og:image:type\" content=\"image\/jpeg\" \/>\n<meta name=\"twitter:card\" content=\"summary_large_image\" \/>\n<meta name=\"twitter:label1\" content=\"Tahmini okuma s\u00fcresi\" \/>\n\t<meta name=\"twitter:data1\" content=\"1 dakika\" \/>\n<script type=\"application\/ld+json\" class=\"yoast-schema-graph\">{\"@context\":\"https:\/\/schema.org\",\"@graph\":[{\"@type\":\"WebPage\",\"@id\":\"https:\/\/sakipsabancimuzesi.org\/shop\/urun\/yayin-ve-multimedya\/cocuk-kitaplari\/sanatcinin-portresi-frida-kahlo\/\",\"url\":\"https:\/\/sakipsabancimuzesi.org\/shop\/urun\/yayin-ve-multimedya\/cocuk-kitaplari\/sanatcinin-portresi-frida-kahlo\/\",\"name\":\"Sanat\u00e7\u0131n\u0131n Portresi - Frida Kahlo - SSM Shop\",\"isPartOf\":{\"@id\":\"https:\/\/sakipsabancimuzesi.org\/shop\/#website\"},\"primaryImageOfPage\":{\"@id\":\"https:\/\/sakipsabancimuzesi.org\/shop\/urun\/yayin-ve-multimedya\/cocuk-kitaplari\/sanatcinin-portresi-frida-kahlo\/#primaryimage\"},\"image\":{\"@id\":\"https:\/\/sakipsabancimuzesi.org\/shop\/urun\/yayin-ve-multimedya\/cocuk-kitaplari\/sanatcinin-portresi-frida-kahlo\/#primaryimage\"},\"thumbnailUrl\":\"https:\/\/sakipsabancimuzesi.org\/shop\/wp-content\/uploads\/2022\/01\/frida-kahlo.jpg\",\"datePublished\":\"2022-01-14T11:44:37+00:00\",\"dateModified\":\"2026-04-30T11:50:41+00:00\",\"breadcrumb\":{\"@id\":\"https:\/\/sakipsabancimuzesi.org\/shop\/urun\/yayin-ve-multimedya\/cocuk-kitaplari\/sanatcinin-portresi-frida-kahlo\/#breadcrumb\"},\"inLanguage\":\"tr\",\"potentialAction\":[{\"@type\":\"ReadAction\",\"target\":[\"https:\/\/sakipsabancimuzesi.org\/shop\/urun\/yayin-ve-multimedya\/cocuk-kitaplari\/sanatcinin-portresi-frida-kahlo\/\"]}]},{\"@type\":\"ImageObject\",\"inLanguage\":\"tr\",\"@id\":\"https:\/\/sakipsabancimuzesi.org\/shop\/urun\/yayin-ve-multimedya\/cocuk-kitaplari\/sanatcinin-portresi-frida-kahlo\/#primaryimage\",\"url\":\"https:\/\/sakipsabancimuzesi.org\/shop\/wp-content\/uploads\/2022\/01\/frida-kahlo.jpg\",\"contentUrl\":\"https:\/\/sakipsabancimuzesi.org\/shop\/wp-content\/uploads\/2022\/01\/frida-kahlo.jpg\",\"width\":1280,\"height\":1600},{\"@type\":\"BreadcrumbList\",\"@id\":\"https:\/\/sakipsabancimuzesi.org\/shop\/urun\/yayin-ve-multimedya\/cocuk-kitaplari\/sanatcinin-portresi-frida-kahlo\/#breadcrumb\",\"itemListElement\":[{\"@type\":\"ListItem\",\"position\":1,\"name\":\"Ana sayfa\",\"item\":\"https:\/\/sakipsabancimuzesi.org\/shop\/\"},{\"@type\":\"ListItem\",\"position\":2,\"name\":\"Shop\",\"item\":\"https:\/\/sakipsabancimuzesi.org\/shop\/shop\/\"},{\"@type\":\"ListItem\",\"position\":3,\"name\":\"Sanat\u00e7\u0131n\u0131n Portresi &#8211; Frida Kahlo\"}]},{\"@type\":\"WebSite\",\"@id\":\"https:\/\/sakipsabancimuzesi.org\/shop\/#website\",\"url\":\"https:\/\/sakipsabancimuzesi.org\/shop\/\",\"name\":\"SSM Shop\",\"description\":\"Sak\u0131p Sabanc\u0131 M\u00fczesi, Ma\u011faza\",\"publisher\":{\"@id\":\"https:\/\/sakipsabancimuzesi.org\/shop\/#organization\"},\"potentialAction\":[{\"@type\":\"SearchAction\",\"target\":{\"@type\":\"EntryPoint\",\"urlTemplate\":\"https:\/\/sakipsabancimuzesi.org\/shop\/?s={search_term_string}\"},\"query-input\":{\"@type\":\"PropertyValueSpecification\",\"valueRequired\":true,\"valueName\":\"search_term_string\"}}],\"inLanguage\":\"tr\"},{\"@type\":\"Organization\",\"@id\":\"https:\/\/sakipsabancimuzesi.org\/shop\/#organization\",\"name\":\"SSM Shop\",\"url\":\"https:\/\/sakipsabancimuzesi.org\/shop\/\",\"logo\":{\"@type\":\"ImageObject\",\"inLanguage\":\"tr\",\"@id\":\"https:\/\/sakipsabancimuzesi.org\/shop\/#\/schema\/logo\/image\/\",\"url\":\"https:\/\/sakipsabancimuzesi.org\/shop\/wp-content\/uploads\/2019\/11\/logo.png\",\"contentUrl\":\"https:\/\/sakipsabancimuzesi.org\/shop\/wp-content\/uploads\/2019\/11\/logo.png\",\"width\":227,\"height\":87,\"caption\":\"SSM Shop\"},\"image\":{\"@id\":\"https:\/\/sakipsabancimuzesi.org\/shop\/#\/schema\/logo\/image\/\"},\"sameAs\":[\"https:\/\/www.facebook.com\/SakipSabanciMuzesi\/\"]}]}<\/script>\n<!-- \/ Yoast SEO plugin. -->","yoast_head_json":{"title":"Sanat\u00e7\u0131n\u0131n Portresi - Frida Kahlo - SSM Shop","robots":{"index":"index","follow":"follow","max-snippet":"max-snippet:-1","max-image-preview":"max-image-preview:large","max-video-preview":"max-video-preview:-1"},"canonical":"https:\/\/sakipsabancimuzesi.org\/shop\/urun\/yayin-ve-multimedya\/cocuk-kitaplari\/sanatcinin-portresi-frida-kahlo\/","og_locale":"tr_TR","og_type":"article","og_title":"Sanat\u00e7\u0131n\u0131n Portresi - Frida Kahlo - SSM Shop","og_description":"Sanat\u00e7\u0131n\u0131n Portresi: Frida Kahlo Frida Kahlo, ya\u015fam\u0131 da resimleri kadar parlak ve renkli olan Meksikal\u0131 sanat\u00e7\u0131yd\u0131. Ya\u015fam\u0131 boyunca pek \u00e7ok hastal\u0131kla sava\u015ft\u0131 ama resim yapmay\u0131 hi\u00e7 b\u0131rakmad\u0131. Yetene\u011fiyle t\u00fcm d\u00fcnyada \u00fcn kazand\u0131. Frida\u2019n\u0131n ya\u015fam\u0131nda ne zaman iyi ya da k\u00f6t\u00fc bir olay olsa o, bunu resme d\u00f6n\u00fc\u015ft\u00fcrmenin bir yolunu buldu. T\u00fcm zamanlar\u0131n en tan\u0131nm\u0131\u015f Meksikal\u0131 [...]","og_url":"https:\/\/sakipsabancimuzesi.org\/shop\/urun\/yayin-ve-multimedya\/cocuk-kitaplari\/sanatcinin-portresi-frida-kahlo\/","og_site_name":"SSM Shop","article_publisher":"https:\/\/www.facebook.com\/SakipSabanciMuzesi\/","article_modified_time":"2026-04-30T11:50:41+00:00","og_image":[{"width":1280,"height":1600,"url":"https:\/\/sakipsabancimuzesi.org\/shop\/wp-content\/uploads\/2022\/01\/frida-kahlo.jpg","type":"image\/jpeg"}],"twitter_card":"summary_large_image","twitter_misc":{"Tahmini okuma s\u00fcresi":"1 dakika"},"schema":{"@context":"https:\/\/schema.org","@graph":[{"@type":"WebPage","@id":"https:\/\/sakipsabancimuzesi.org\/shop\/urun\/yayin-ve-multimedya\/cocuk-kitaplari\/sanatcinin-portresi-frida-kahlo\/","url":"https:\/\/sakipsabancimuzesi.org\/shop\/urun\/yayin-ve-multimedya\/cocuk-kitaplari\/sanatcinin-portresi-frida-kahlo\/","name":"Sanat\u00e7\u0131n\u0131n Portresi - Frida Kahlo - SSM Shop","isPartOf":{"@id":"https:\/\/sakipsabancimuzesi.org\/shop\/#website"},"primaryImageOfPage":{"@id":"https:\/\/sakipsabancimuzesi.org\/shop\/urun\/yayin-ve-multimedya\/cocuk-kitaplari\/sanatcinin-portresi-frida-kahlo\/#primaryimage"},"image":{"@id":"https:\/\/sakipsabancimuzesi.org\/shop\/urun\/yayin-ve-multimedya\/cocuk-kitaplari\/sanatcinin-portresi-frida-kahlo\/#primaryimage"},"thumbnailUrl":"https:\/\/sakipsabancimuzesi.org\/shop\/wp-content\/uploads\/2022\/01\/frida-kahlo.jpg","datePublished":"2022-01-14T11:44:37+00:00","dateModified":"2026-04-30T11:50:41+00:00","breadcrumb":{"@id":"https:\/\/sakipsabancimuzesi.org\/shop\/urun\/yayin-ve-multimedya\/cocuk-kitaplari\/sanatcinin-portresi-frida-kahlo\/#breadcrumb"},"inLanguage":"tr","potentialAction":[{"@type":"ReadAction","target":["https:\/\/sakipsabancimuzesi.org\/shop\/urun\/yayin-ve-multimedya\/cocuk-kitaplari\/sanatcinin-portresi-frida-kahlo\/"]}]},{"@type":"ImageObject","inLanguage":"tr","@id":"https:\/\/sakipsabancimuzesi.org\/shop\/urun\/yayin-ve-multimedya\/cocuk-kitaplari\/sanatcinin-portresi-frida-kahlo\/#primaryimage","url":"https:\/\/sakipsabancimuzesi.org\/shop\/wp-content\/uploads\/2022\/01\/frida-kahlo.jpg","contentUrl":"https:\/\/sakipsabancimuzesi.org\/shop\/wp-content\/uploads\/2022\/01\/frida-kahlo.jpg","width":1280,"height":1600},{"@type":"BreadcrumbList","@id":"https:\/\/sakipsabancimuzesi.org\/shop\/urun\/yayin-ve-multimedya\/cocuk-kitaplari\/sanatcinin-portresi-frida-kahlo\/#breadcrumb","itemListElement":[{"@type":"ListItem","position":1,"name":"Ana sayfa","item":"https:\/\/sakipsabancimuzesi.org\/shop\/"},{"@type":"ListItem","position":2,"name":"Shop","item":"https:\/\/sakipsabancimuzesi.org\/shop\/shop\/"},{"@type":"ListItem","position":3,"name":"Sanat\u00e7\u0131n\u0131n Portresi &#8211; Frida Kahlo"}]},{"@type":"WebSite","@id":"https:\/\/sakipsabancimuzesi.org\/shop\/#website","url":"https:\/\/sakipsabancimuzesi.org\/shop\/","name":"SSM Shop","description":"Sak\u0131p Sabanc\u0131 M\u00fczesi, Ma\u011faza","publisher":{"@id":"https:\/\/sakipsabancimuzesi.org\/shop\/#organization"},"potentialAction":[{"@type":"SearchAction","target":{"@type":"EntryPoint","urlTemplate":"https:\/\/sakipsabancimuzesi.org\/shop\/?s={search_term_string}"},"query-input":{"@type":"PropertyValueSpecification","valueRequired":true,"valueName":"search_term_string"}}],"inLanguage":"tr"},{"@type":"Organization","@id":"https:\/\/sakipsabancimuzesi.org\/shop\/#organization","name":"SSM Shop","url":"https:\/\/sakipsabancimuzesi.org\/shop\/","logo":{"@type":"ImageObject","inLanguage":"tr","@id":"https:\/\/sakipsabancimuzesi.org\/shop\/#\/schema\/logo\/image\/","url":"https:\/\/sakipsabancimuzesi.org\/shop\/wp-content\/uploads\/2019\/11\/logo.png","contentUrl":"https:\/\/sakipsabancimuzesi.org\/shop\/wp-content\/uploads\/2019\/11\/logo.png","width":227,"height":87,"caption":"SSM Shop"},"image":{"@id":"https:\/\/sakipsabancimuzesi.org\/shop\/#\/schema\/logo\/image\/"},"sameAs":["https:\/\/www.facebook.com\/SakipSabanciMuzesi\/"]}]}},"jetpack_sharing_enabled":true,"_links":{"self":[{"href":"https:\/\/sakipsabancimuzesi.org\/shop\/wp-json\/wp\/v2\/product\/245427","targetHints":{"allow":["GET"]}}],"collection":[{"href":"https:\/\/sakipsabancimuzesi.org\/shop\/wp-json\/wp\/v2\/product"}],"about":[{"href":"https:\/\/sakipsabancimuzesi.org\/shop\/wp-json\/wp\/v2\/types\/product"}],"wp:featuredmedia":[{"embeddable":true,"href":"https:\/\/sakipsabancimuzesi.org\/shop\/wp-json\/wp\/v2\/media\/245428"}],"wp:attachment":[{"href":"https:\/\/sakipsabancimuzesi.org\/shop\/wp-json\/wp\/v2\/media?parent=245427"}],"wp:term":[{"taxonomy":"product_brand","embeddable":true,"href":"https:\/\/sakipsabancimuzesi.org\/shop\/wp-json\/wp\/v2\/product_brand?post=245427"},{"taxonomy":"product_cat","embeddable":true,"href":"https:\/\/sakipsabancimuzesi.org\/shop\/wp-json\/wp\/v2\/product_cat?post=245427"},{"taxonomy":"product_tag","embeddable":true,"href":"https:\/\/sakipsabancimuzesi.org\/shop\/wp-json\/wp\/v2\/product_tag?post=245427"},{"taxonomy":"woo-feed-brand","embeddable":true,"href":"https:\/\/sakipsabancimuzesi.org\/shop\/wp-json\/wp\/v2\/woo-feed-brand?post=245427"}],"curies":[{"name":"wp","href":"https:\/\/api.w.org\/{rel}","templated":true}]}}